{"id":449,"date":"2015-07-01T13:58:43","date_gmt":"2015-07-01T11:58:43","guid":{"rendered":"http:\/\/www.portraits-hellerau.com\/?page_id=449"},"modified":"2015-11-03T19:38:41","modified_gmt":"2015-11-03T18:38:41","slug":"newsletter-2","status":"publish","type":"page","link":"https:\/\/www.portraits-hellerau.com\/en\/newsletter-2\/","title":{"rendered":"Newsletter 2"},"content":{"rendered":"<p>&nbsp;<\/p>\n<table class=\"backgroundTable\" width=\"100%\" cellspacing=\"0\" cellpadding=\"10\" bgcolor=\"#F7D358\">\n<tbody>\n<tr>\n<td align=\"center\" valign=\"top\">\n<table class=\" aligncenter\" width=\"500\" cellspacing=\"0\" cellpadding=\"0\">\n<tbody>\n<tr>\n<td><\/td>\n<\/tr>\n<tr>\n<td style=\"font-size: 14px; color: #000000; line-height: 150%; font-family: helvetica;\" valign=\"top\" bgcolor=\"#FFFFFF\"><span style=\"font-size: 24px; font-weight: bold; color: #000000; font-family: helvetica; line-height: 100%;\"> PORTRAITS \u2013 HELLERAU PHOTOGRAPHY AWARD<br \/>\n<\/span><span style=\"font-size: 11px; font-weight: lighter; color: #000000; font-family: Open+Sans; line-height: 100%;\">Ein Projekt von HELLERAU &#8211; Europ\u00e4isches Zentrum der K\u00fcnste Dresden in Kooperation mit der Kunstagentur Dresden<a href=\"http:\/\/www.portraits-hellerau.com\/wp-content\/uploads\/PORTRAITS-Header-1020x427px-2.jpeg\"><img loading=\"lazy\" decoding=\"async\" class=\"alignleft wp-image-495\" src=\"http:\/\/www.portraits-hellerau.com\/wp-content\/uploads\/PORTRAITS-Header-1020x427px-2.jpeg\" alt=\"PORTRAITS-Header-1020x427px-2\" width=\"600\" height=\"251\" srcset=\"https:\/\/www.portraits-hellerau.com\/wp-content\/uploads\/PORTRAITS-Header-1020x427px-2.jpeg 1020w, https:\/\/www.portraits-hellerau.com\/wp-content\/uploads\/PORTRAITS-Header-1020x427px-2-420x176.jpeg 420w, https:\/\/www.portraits-hellerau.com\/wp-content\/uploads\/PORTRAITS-Header-1020x427px-2-744x311.jpeg 744w\" sizes=\"auto, (max-width: 600px) 100vw, 600px\" \/><\/a><\/span><span style=\"font-size: 24px; font-weight: bold; color: #000000; font-family: helvetica; line-height: 100%;\"><br \/>\n<\/span><span style=\"font-size: 24px; font-weight: bold; color: #000000; font-family: helvetica; line-height: 100%;\"><\/p>\n<p>DER COUNTDOWN L\u00c4UFT.\u00a0<\/span><\/p>\n<p>Wir sind ganz begeistert \u00fcber die Einsendungen der letzten Wochen, die uns aus Frankreich, den USA, aus Polen, der Ukraine, aus Brasilien und Neuseeland erreicht haben. Nur auf eine Bildidee haben wir bisher vergeblich gewartet: <strong>Ihre!<br \/>\n<\/strong><br \/>\nAlso, lassen Sie uns <strong>bis 22. November 2015<\/strong> an Ihren Ideen teilhaben. Und verbreiten die Nachricht weiter: Neben den zahlreichen Ausstellungen, Stipendien und fotografischen Arbeitsprojekten in Dresden entsteht am Festspielhaus Hellerau mit PORTRAITS gerade ein neuer, internationaler Schwerpunkt der zeitgen\u00f6ssischen Portr\u00e4tfotografie\u200b&#8230;<\/p>\n<p>\u00dcbrigens, falls Sie heute Abend noch nichts vorhaben, lassen Sie uns doch bei der \u00bbShift Late Night\u00ab \u00fcber PORTRAITS reden! Dazu weiter unten.<\/p>\n<p align=\"right\"><a style=\"text-decoration: none; background-color: #ffbf00;\" href=\"http:\/\/www.portraits-hellerau.com\/en\/participate\/\"><b>Hier geht&#8217;s zur Teilnahme<\/b><\/a><\/p>\n<p><b style=\"text-decoration: none; background-color: #f5ecce;\">UNSER 2. PREIS:\u00a0<a style=\"text-decoration: none; background-color: #f5ecce;\" href=\"http:\/\/www.portraits-hellerau.com\/en\/participate\/\">EINE WILDCARD F\u00dcR ARLES&#8230;<\/a><\/b><\/p>\n<p>In unserem ersten Newsletter hatten wir angek\u00fcndigt, noch etwas an unseren ausgelobten Preisen f\u00fcr den ersten Wettbewerbsjahrgang zu feilen. Nun freuen wir uns, dass wir noch etwas sehr spannendes organisieren konnten: Unser zweiter Preis wird eine Einladung zum Foto-Festival \u00bbLes Rencontres d&#8217;Arles\u00ab sein, mit allem, was dazugeh\u00f6rt: einem F\u00fcnf-Tage-Festivalpass, einer Wildcard f\u00fcr die Teilnahme an einer Mappenschau mit zehn Portfolioreviews. Hotel- und Reisekosten werden ebenfalls \u00fcbernommen. Wenn das kein Anreiz ist? Betreut wird der Preistr\u00e4ger in Arles von unserem Jurymitglied Kristin Dittrich, die sich bereiterkl\u00e4rt hat, die gesamte Preisabwicklung \u00fcber ihre <a href=\"http:\/\/www.shift-school.com\/index.php\" target=\"_blank\">shift school for photography<\/a> zu \u00fcbernehmen. Finanziell erm\u00f6glicht wird der Preis durch unseren Hauptsponsor Frank R\u00fcdiger Scheffler, Tiefenbacher Rechtsanw\u00e4lte.<\/p>\n<p><b><\/b><a style=\"text-decoration: none; background-color: #f5ecce;\" href=\"http:\/\/www.portraits-hellerau.com\/en\/jury\/\"><b><\/b><b style=\"text-decoration: none; background-color: #f5ecce;\">\u00dcBER DIE JURY<\/b><\/a><\/p>\n<p><a href=\"http:\/\/www.portraits-hellerau.com\/wp-content\/uploads\/susanne-altmann.jpg\"><img loading=\"lazy\" decoding=\"async\" class=\"alignright size-full wp-image-496\" src=\"http:\/\/www.portraits-hellerau.com\/wp-content\/uploads\/susanne-altmann.jpg\" alt=\"susanne-altmann\" width=\"165\" height=\"188\" \/><\/a>Weiter gehts mit der Vorstellung unserer Juroren! <strong><a href=\"http:\/\/www.goethe.de\/kue\/bku\/kur\/kur\/ag\/alt\/deindex.htm\" target=\"_blank\">Susanne Altmann<\/a><\/strong>\u200b lebt und arbeitet als Kunsthistorikerin, freie Kuratorin und Publizistin in Dresden. Sie studierte Kunstgeschichte sowie Philosophie in Dresden und an der New School for Social Research in New York City. 1998\/99 arbeitete sie am Dia Center for the Arts\/NYC und erhielt 2004 ein Forschungsstipendium an der University of Oxford (Studie \u201eArt in Transition \u2013 a study investigating economic conditions for contemporary art in former communist countries of Europe\u201d). Altmann publiziert umfangreich zu Kunst in den postkommunistischen L\u00e4ndern, zu \u00f6ffentlicher Kunst und zu feministischer bzw. genderbasierter Gegenwartskunst\u200b.<\/p>\n<p>2014\/2015 unternahm sie im Auftrag des Goethe-Instituts Recherche- und Vortragreisen nach Sri Lanka, Indien, Bangladesh, Nepal und Iran in Vorbereitung eines regionalen Videoprojekts zu \u201eGender &amp; Identity\u201c. Seit 2010 ist sie k\u00fcnstlerische Leiterin der Internationalen Sommerakademie f\u00fcr Bildende Kunst in Dresden. Seit 2011 nimmt sie einen Lehrauftrag an der Hochschule f\u00fcr Bildende K\u00fcnste Dresden wahr (Erasmus- bzw. DAAD-Programm). Zuvor lehrte sie u.a. an der Universit\u00e4t Dresden und an der Hochschule f\u00fcr Gestaltung Karlsruhe. Seit 2000 arbeitet Susanne Altmann als st\u00e4ndige Korrespondentin und Autorin f\u00fcr art. Das Kunstmagazin mit Schwerpunkt auf osteurop\u00e4ische und kritische Kunst. \u200b<\/p>\n<p><b><a href=\"http:\/\/www.shift-school.com\/shift-latenight.php\" target=\"_blank\">WILLKOMMEN ZUR SHIFT LATE NIGHT!<\/a><\/b><\/p>\n<p>Im Rahmen der heutigen SHIFT LATE NIGHT wird PORTRAITS-Wettbewerbsleiter Martin Morgenstern mit Kristin Dittrich anhand ausgew\u00e4hlter Beispiele \u00fcber die Geschichte der Portr\u00e4tfotografie in Dresden sprechen. Und unser Jurymitglied Matthias Fl\u00fcgge kommt mit dem Fotografen Matthias Rost ins Gespr\u00e4ch. Wer heute Abend noch nichts vorhat: <a href=\"http:\/\/www.shift-school.com\/shift-latenight.php\" target=\"_blank\">hingehen<\/a>!<\/p>\n<p><a href=\"https:\/\/www.facebook.com\/PORTRAITSaward\/timeline\"><b>SAVE THE DATE: VERNISSAGE 18. FEBRUAR 2016!<\/b><\/a><\/p>\n<p>Die Ausstellung der von der Jury ausgew\u00e4hlten Teilnehmerbeitr\u00e4ge er\u00f6ffnen wir am <b>18.<br \/>\nFebruar 2016 im Festspielhaus Hellerau<\/b>. So hat die Jury gen\u00fcgend Zeit f\u00fcr ihre Arbeit und die Fotografen f\u00fcr die Herstellung und Einsendung der ausbelichteten Werke.<\/p>\n<p>Aktuelle Informationen zur Ausschreibung von \u00bbPORTRAITS\u00ab &#8211; Hellerau Photography Award, zu den<br \/>\nPreisen, den Sponsoren und weiteren Veranstaltungen: <a style=\"text-decoration: none; background-color: #ffffff;\" href=\"http:\/\/www.portraits-hellerau.com\/\"><b>www.portraits-hellerau.com<\/b><\/a>.<\/p>\n<p><span style=\"font-size: 28px; font-weight: bold; color: #000000; font-family: helvetica; line-height: 100%;\">Einsendeschluss: 22. November 2015<\/span><\/p>\n<p><span style=\"font-size: 10px; font-weight: lighter; color: #000000; font-family: helvetica; line-height: 100%;\">Sie empfangen diese Nachricht, da Ihre E-Mail-Adresse auf unserer Webseite <a style=\"text-decoration: none; background-color: #ffffff;\" href=\"http:\/\/www.portraits-hellerau.com\/\"><b>www.portraits-hellerau.com<\/b><\/a> in das entsprechende Formularfeld eingetragen wurde.\u00a0Sollten Sie genug von uns haben, schreiben Sie uns bitte einfach eine kurze E-Mail, und wir werden uns nie mehr bei Ihnen melden. Nie wieder! Versprochen!<\/span><\/p>\n<p>PORTRAITS \u2013 HELLERAU PHOTOGRAPHY AWARD \/\/\u00a0Karl-Liebknecht-Stra\u00dfe 56\u00a0D-01109 Dresden \/\/ Telefon +49 (0) 351 799-00000 \/\/\u00a0Fax +49 (0) 351 26462 23 \/\/\u00a0info@portraits-hellerau.com \/\/ www.portraits-hellerau.com<\/td>\n<\/tr>\n<\/tbody>\n<\/table>\n<\/td>\n<\/tr>\n<\/tbody>\n<\/table>\n","protected":false},"excerpt":{"rendered":"<div class=\"entry-summary\">\n&nbsp; PORTRAITS \u2013 HELLERAU PHOTOGRAPHY AWARD Ein Projekt von HELLERAU &#8211; Europ\u00e4isches Zentrum der K\u00fcnste Dresden in Kooperation mit der&hellip;\n<\/div>\n<div class=\"link-more\"><a href=\"https:\/\/www.portraits-hellerau.com\/en\/newsletter-2\/\" class=\"more-link\">Continue reading<span class=\"screen-reader-text\"> &ldquo;Newsletter 2&rdquo;<\/span>&hellip;<\/a><\/div>\n","protected":false},"author":3,"featured_media":0,"parent":0,"menu_order":0,"comment_status":"closed","ping_status":"closed","template":"","meta":{"_acf_changed":false,"inline_featured_image":false,"footnotes":""},"class_list":["post-449","page","type-page","status-publish","hentry","entry"],"acf":[],"featured_image_urls_v2":{"full":"","thumbnail":"","medium":"","medium_large":"","large":"","1536x1536":"","2048x2048":"","modern-intro":"","mailpoet_newsletter_max":""},"post_excerpt_stackable_v2":"<p>&nbsp; PORTRAITS \u2013 HELLERAU PHOTOGRAPHY AWARD Ein Projekt von HELLERAU &#8211; Europ\u00e4isches Zentrum der K\u00fcnste Dresden in Kooperation mit der Kunstagentur Dresden DER COUNTDOWN L\u00c4UFT.\u00a0 Wir sind ganz begeistert \u00fcber die Einsendungen der letzten Wochen, die uns aus Frankreich, den USA, aus Polen, der Ukraine, aus Brasilien und Neuseeland erreicht haben. Nur auf eine Bildidee haben wir bisher vergeblich gewartet: Ihre! Also, lassen Sie uns bis 22. November 2015 an Ihren Ideen teilhaben. Und verbreiten die Nachricht weiter: Neben den zahlreichen Ausstellungen, Stipendien und fotografischen Arbeitsprojekten in Dresden entsteht am Festspielhaus Hellerau mit PORTRAITS gerade ein neuer, internationaler Schwerpunkt der&hellip;<\/p>\n","category_list_v2":"","author_info_v2":{"name":"Martin Morgenstern","url":"https:\/\/www.portraits-hellerau.com\/en\/author\/martin\/"},"comments_num_v2":"0 comments","yoast_head":"<!-- This site is optimized with the Yoast SEO plugin v26.5 - https:\/\/yoast.com\/wordpress\/plugins\/seo\/ -->\n<title>Newsletter 2 - PORTRAITS \u2013 Hellerau Photography Award<\/title>\n<meta name=\"robots\" content=\"index, follow, max-snippet:-1, max-image-preview:large, max-video-preview:-1\" \/>\n<link rel=\"canonical\" href=\"https:\/\/www.portraits-hellerau.com\/en\/newsletter-2\/\" \/>\n<meta property=\"og:locale\" content=\"en_US\" \/>\n<meta property=\"og:type\" content=\"article\" \/>\n<meta property=\"og:title\" content=\"Newsletter 2 - PORTRAITS \u2013 Hellerau Photography Award\" \/>\n<meta property=\"og:description\" content=\"&nbsp; PORTRAITS \u2013 HELLERAU PHOTOGRAPHY AWARD Ein Projekt von HELLERAU &#8211; Europ\u00e4isches Zentrum der K\u00fcnste Dresden in Kooperation mit der&hellip; Continue reading &ldquo;Newsletter 2&rdquo;&hellip;\" \/>\n<meta property=\"og:url\" content=\"https:\/\/www.portraits-hellerau.com\/en\/newsletter-2\/\" \/>\n<meta property=\"og:site_name\" content=\"PORTRAITS \u2013 Hellerau Photography Award\" \/>\n<meta property=\"article:modified_time\" content=\"2015-11-03T18:38:41+00:00\" \/>\n<meta property=\"og:image\" content=\"http:\/\/www.portraits-hellerau.com\/wp-content\/uploads\/PORTRAITS-Header-1020x427px-2.jpeg\" \/>\n<meta name=\"twitter:card\" content=\"summary_large_image\" \/>\n<meta name=\"twitter:label1\" content=\"Est. reading time\" \/>\n\t<meta name=\"twitter:data1\" content=\"3 minutes\" \/>\n<script type=\"application\/ld+json\" class=\"yoast-schema-graph\">{\"@context\":\"https:\/\/schema.org\",\"@graph\":[{\"@type\":\"WebPage\",\"@id\":\"https:\/\/www.portraits-hellerau.com\/en\/newsletter-2\/\",\"url\":\"https:\/\/www.portraits-hellerau.com\/en\/newsletter-2\/\",\"name\":\"Newsletter 2 - PORTRAITS \u2013 Hellerau Photography Award\",\"isPartOf\":{\"@id\":\"https:\/\/www.portraits-hellerau.com\/#website\"},\"primaryImageOfPage\":{\"@id\":\"https:\/\/www.portraits-hellerau.com\/en\/newsletter-2\/#primaryimage\"},\"image\":{\"@id\":\"https:\/\/www.portraits-hellerau.com\/en\/newsletter-2\/#primaryimage\"},\"thumbnailUrl\":\"http:\/\/www.portraits-hellerau.com\/wp-content\/uploads\/PORTRAITS-Header-1020x427px-2.jpeg\",\"datePublished\":\"2015-07-01T11:58:43+00:00\",\"dateModified\":\"2015-11-03T18:38:41+00:00\",\"breadcrumb\":{\"@id\":\"https:\/\/www.portraits-hellerau.com\/en\/newsletter-2\/#breadcrumb\"},\"inLanguage\":\"en-US\",\"potentialAction\":[{\"@type\":\"ReadAction\",\"target\":[\"https:\/\/www.portraits-hellerau.com\/en\/newsletter-2\/\"]}]},{\"@type\":\"ImageObject\",\"inLanguage\":\"en-US\",\"@id\":\"https:\/\/www.portraits-hellerau.com\/en\/newsletter-2\/#primaryimage\",\"url\":\"http:\/\/www.portraits-hellerau.com\/wp-content\/uploads\/PORTRAITS-Header-1020x427px-2.jpeg\",\"contentUrl\":\"http:\/\/www.portraits-hellerau.com\/wp-content\/uploads\/PORTRAITS-Header-1020x427px-2.jpeg\"},{\"@type\":\"BreadcrumbList\",\"@id\":\"https:\/\/www.portraits-hellerau.com\/en\/newsletter-2\/#breadcrumb\",\"itemListElement\":[{\"@type\":\"ListItem\",\"position\":1,\"name\":\"Home\",\"item\":\"https:\/\/www.portraits-hellerau.com\/en\/\"},{\"@type\":\"ListItem\",\"position\":2,\"name\":\"Newsletter 2\"}]},{\"@type\":\"WebSite\",\"@id\":\"https:\/\/www.portraits-hellerau.com\/#website\",\"url\":\"https:\/\/www.portraits-hellerau.com\/\",\"name\":\"PORTRAITS \u2013 Hellerau Photography Award\",\"description\":\"\",\"potentialAction\":[{\"@type\":\"SearchAction\",\"target\":{\"@type\":\"EntryPoint\",\"urlTemplate\":\"https:\/\/www.portraits-hellerau.com\/?s={search_term_string}\"},\"query-input\":{\"@type\":\"PropertyValueSpecification\",\"valueRequired\":true,\"valueName\":\"search_term_string\"}}],\"inLanguage\":\"en-US\"}]}<\/script>\n<!-- \/ Yoast SEO plugin. -->","yoast_head_json":{"title":"Newsletter 2 - PORTRAITS \u2013 Hellerau Photography Award","robots":{"index":"index","follow":"follow","max-snippet":"max-snippet:-1","max-image-preview":"max-image-preview:large","max-video-preview":"max-video-preview:-1"},"canonical":"https:\/\/www.portraits-hellerau.com\/en\/newsletter-2\/","og_locale":"en_US","og_type":"article","og_title":"Newsletter 2 - PORTRAITS \u2013 Hellerau Photography Award","og_description":"&nbsp; PORTRAITS \u2013 HELLERAU PHOTOGRAPHY AWARD Ein Projekt von HELLERAU &#8211; Europ\u00e4isches Zentrum der K\u00fcnste Dresden in Kooperation mit der&hellip; Continue reading &ldquo;Newsletter 2&rdquo;&hellip;","og_url":"https:\/\/www.portraits-hellerau.com\/en\/newsletter-2\/","og_site_name":"PORTRAITS \u2013 Hellerau Photography Award","article_modified_time":"2015-11-03T18:38:41+00:00","og_image":[{"url":"http:\/\/www.portraits-hellerau.com\/wp-content\/uploads\/PORTRAITS-Header-1020x427px-2.jpeg","type":"","width":"","height":""}],"twitter_card":"summary_large_image","twitter_misc":{"Est. reading time":"3 minutes"},"schema":{"@context":"https:\/\/schema.org","@graph":[{"@type":"WebPage","@id":"https:\/\/www.portraits-hellerau.com\/en\/newsletter-2\/","url":"https:\/\/www.portraits-hellerau.com\/en\/newsletter-2\/","name":"Newsletter 2 - PORTRAITS \u2013 Hellerau Photography Award","isPartOf":{"@id":"https:\/\/www.portraits-hellerau.com\/#website"},"primaryImageOfPage":{"@id":"https:\/\/www.portraits-hellerau.com\/en\/newsletter-2\/#primaryimage"},"image":{"@id":"https:\/\/www.portraits-hellerau.com\/en\/newsletter-2\/#primaryimage"},"thumbnailUrl":"http:\/\/www.portraits-hellerau.com\/wp-content\/uploads\/PORTRAITS-Header-1020x427px-2.jpeg","datePublished":"2015-07-01T11:58:43+00:00","dateModified":"2015-11-03T18:38:41+00:00","breadcrumb":{"@id":"https:\/\/www.portraits-hellerau.com\/en\/newsletter-2\/#breadcrumb"},"inLanguage":"en-US","potentialAction":[{"@type":"ReadAction","target":["https:\/\/www.portraits-hellerau.com\/en\/newsletter-2\/"]}]},{"@type":"ImageObject","inLanguage":"en-US","@id":"https:\/\/www.portraits-hellerau.com\/en\/newsletter-2\/#primaryimage","url":"http:\/\/www.portraits-hellerau.com\/wp-content\/uploads\/PORTRAITS-Header-1020x427px-2.jpeg","contentUrl":"http:\/\/www.portraits-hellerau.com\/wp-content\/uploads\/PORTRAITS-Header-1020x427px-2.jpeg"},{"@type":"BreadcrumbList","@id":"https:\/\/www.portraits-hellerau.com\/en\/newsletter-2\/#breadcrumb","itemListElement":[{"@type":"ListItem","position":1,"name":"Home","item":"https:\/\/www.portraits-hellerau.com\/en\/"},{"@type":"ListItem","position":2,"name":"Newsletter 2"}]},{"@type":"WebSite","@id":"https:\/\/www.portraits-hellerau.com\/#website","url":"https:\/\/www.portraits-hellerau.com\/","name":"PORTRAITS \u2013 Hellerau Photography Award","description":"","potentialAction":[{"@type":"SearchAction","target":{"@type":"EntryPoint","urlTemplate":"https:\/\/www.portraits-hellerau.com\/?s={search_term_string}"},"query-input":{"@type":"PropertyValueSpecification","valueRequired":true,"valueName":"search_term_string"}}],"inLanguage":"en-US"}]}},"_links":{"self":[{"href":"https:\/\/www.portraits-hellerau.com\/en\/wp-json\/wp\/v2\/pages\/449","targetHints":{"allow":["GET"]}}],"collection":[{"href":"https:\/\/www.portraits-hellerau.com\/en\/wp-json\/wp\/v2\/pages"}],"about":[{"href":"https:\/\/www.portraits-hellerau.com\/en\/wp-json\/wp\/v2\/types\/page"}],"author":[{"embeddable":true,"href":"https:\/\/www.portraits-hellerau.com\/en\/wp-json\/wp\/v2\/users\/3"}],"replies":[{"embeddable":true,"href":"https:\/\/www.portraits-hellerau.com\/en\/wp-json\/wp\/v2\/comments?post=449"}],"version-history":[{"count":0,"href":"https:\/\/www.portraits-hellerau.com\/en\/wp-json\/wp\/v2\/pages\/449\/revisions"}],"wp:attachment":[{"href":"https:\/\/www.portraits-hellerau.com\/en\/wp-json\/wp\/v2\/media?parent=449"}],"curies":[{"name":"wp","href":"https:\/\/api.w.org\/{rel}","templated":true}]}}